{"id":8268,"date":"2021-03-24T07:52:10","date_gmt":"2021-03-24T06:52:10","guid":{"rendered":"http:\/\/frequence-sille.org\/newsite\/?page_id=8268"},"modified":"2021-09-08T17:38:38","modified_gmt":"2021-09-08T16:38:38","slug":"carrefour-des-engages-2021","status":"publish","type":"page","link":"https:\/\/frequence-sille.org\/newsite\/les-evenements\/carrefour-des-engages-2021\/","title":{"rendered":"Carrefour des engag\u00e9s 2021"},"content":{"rendered":"\n<div class=\"wp-block-image\"><figure class=\"alignleft size-large is-resized\"><img loading=\"lazy\" decoding=\"async\" src=\"https:\/\/frequence-sille.org\/newsite\/wp-content\/uploads\/2021\/03\/carrefour1.jpg\" alt=\"\" class=\"wp-image-8277\" width=\"248\" height=\"351\" srcset=\"https:\/\/frequence-sille.org\/newsite\/wp-content\/uploads\/2021\/03\/carrefour1.jpg 584w, https:\/\/frequence-sille.org\/newsite\/wp-content\/uploads\/2021\/03\/carrefour1-212x300.jpg 212w\" sizes=\"auto, (max-width: 248px) 100vw, 248px\" \/><\/figure><\/div>\n\n\n\n<p>Le Mercredi 17 Mars 2021, Fr\u00e9quence-Sill\u00e9 organisait la journ\u00e9e radio du Carrefour des engag\u00e9s en Sarthe.<\/p>\n<p>B\u00e9atrice Angrand, Pr\u00e9sidente de l\u2019Agence nationale Service Civique mais aussi des volontaires en service civique, volontaires europ\u00e9ens, des repr\u00e9sentants d&rsquo;organismes d\u2019accueil, tuteurs, \u00e9lus responsables de services publics se sont exprim\u00e9s lors de ces 7 heures de direct.<\/p>\n<p>Au total ce sont plus de 40 interlocutrices et interlocuteurs qui ont pu s&rsquo;exprimer. Deux \u00e9missions \u00e0 long format, l&rsquo;une avec B\u00e9atrice Angrand, l&rsquo;autre en \u00ab\u00a0Micro libre Paroles jeunesse\u00a0\u00bb ont \u00e9t\u00e9 r\u00e9alis\u00e9es parmi les nombreux t\u00e9moignages de 5 \u00e0 10 minutes.<\/p>\n<p>Retrouvez l\u2019int\u00e9gralit\u00e9 de ces \u00e9changes dans nos diff\u00e9rents podcasts.<\/p>\n\n\n\n<p>B\u00e9atrice Angrand, pr\u00e9sidente de l&rsquo;Agence du Service Civique, a r\u00e9pondu \u00e0 l&rsquo;invitation des organisateurs du Carrefour des Engag\u00e9s et de Fr\u00e9quence-Sill\u00e9, pour r\u00e9pondre en direct aux questions d&rsquo;une r\u00e9daction de jeunes issus de l&rsquo;ensemble de la Sarthe.<\/p>\n\n\n\n<iframe loading=\"lazy\" scrolling=\"no\" id=\"hearthis_at_track_5756666\" src=\"https:\/\/app.hearthis.at\/embed\/5756666\/transparent_black\/?hcolor=&amp;color=&amp;style=2&amp;block_size=2&amp;block_space=1&amp;background=1&amp;waveform=0&amp;cover=0&amp;autoplay=0&amp;css=\" allowtransparency=\"\" allow=\"autoplay\" width=\"100%\" height=\"150\" frameborder=\"0\"><\/iframe>\n\n\n\n<p>Sur la formule du \u00ab\u00a0Micro Libre\u00a0\u00bb habituel espace d&rsquo;expression ouverte sur Fr\u00e9quence-Sill\u00e9, il a \u00e9t\u00e9 d\u00e9cid\u00e9 de laisser un espace d&rsquo;expression aux jeunes sur leurs pr\u00e9occupations, attentes, esp\u00e9rances. Des points de vue d&rsquo;autant int\u00e9ressants dans le contexte de la crise sanitaire et soci\u00e9tale qui am\u00e8ne parfois \u00e0 parler de \u00ab\u00a0g\u00e9n\u00e9ration sacrifi\u00e9e\u00a0\u00bb.<\/p>\n\n\n\n<iframe loading=\"lazy\" scrolling=\"no\" id=\"hearthis_at_track_5756691\" src=\"https:\/\/app.hearthis.at\/embed\/5756691\/transparent_black\/?hcolor=&amp;color=&amp;style=2&amp;block_size=2&amp;block_space=1&amp;background=1&amp;waveform=0&amp;cover=0&amp;autoplay=0&amp;css=\" allowtransparency=\"\" allow=\"autoplay\" width=\"100%\" height=\"150\" frameborder=\"0\"><\/iframe>\n\n\n\n<p><\/p>\n\n\n\n<figure class=\"wp-block-image size-large\"><img loading=\"lazy\" decoding=\"async\" width=\"1024\" height=\"724\" src=\"https:\/\/frequence-sille.org\/newsite\/wp-content\/uploads\/2021\/03\/affiche-carrefour1-1024x724.jpg\" alt=\"\" class=\"wp-image-8284\" srcset=\"https:\/\/frequence-sille.org\/newsite\/wp-content\/uploads\/2021\/03\/affiche-carrefour1-1024x724.jpg 1024w, https:\/\/frequence-sille.org\/newsite\/wp-content\/uploads\/2021\/03\/affiche-carrefour1-300x212.jpg 300w, https:\/\/frequence-sille.org\/newsite\/wp-content\/uploads\/2021\/03\/affiche-carrefour1-768x543.jpg 768w, https:\/\/frequence-sille.org\/newsite\/wp-content\/uploads\/2021\/03\/affiche-carrefour1.jpg 1168w\" sizes=\"auto, (max-width: 1024px) 100vw, 1024px\" \/><\/figure>\n\n\n\n<iframe loading=\"lazy\" scrolling=\"no\" id=\"hearthis_at_user_195217-8445500\" src=\"https:\/\/hearthis.at\/set\/195217-8445500\/embed\/\" allowtransparency=\"\" allow=\"autoplay\" width=\"100%\" height=\"350\" frameborder=\"0\"><\/iframe>\n\n\n\n<style id=\"bwg-style-0\">    #bwg_container1_0 #bwg_container2_0 .bwg-container-0.bwg-standard-thumbnails {      width: 904px;              justify-content: center;        margin:0 auto !important;              background-color: rgba(255, 255, 255, 0.00);            padding-left: 4px;      padding-top: 4px;      max-width: 100%;            }        #bwg_container1_0 #bwg_container2_0 .bwg-container-0.bwg-standard-thumbnails .bwg-item {    justify-content: flex-start;      max-width: 180px;            width: 180px !important;          }    #bwg_container1_0 #bwg_container2_0 .bwg-container-0.bwg-standard-thumbnails .bwg-item a {       margin-right: 4px;       margin-bottom: 4px;    }    #bwg_container1_0 #bwg_container2_0 .bwg-container-0.bwg-standard-thumbnails .bwg-item0 {      padding: 0px;            background-color:rgba(255,255,255, 0.30);      border: 0px none #CCCCCC;      opacity: 1.00;      border-radius: 0;      box-shadow: 0px 0px 0px #888888;    }    #bwg_container1_0 #bwg_container2_0 .bwg-container-0.bwg-standard-thumbnails .bwg-item1 img {      max-height: none;      max-width: none;      padding: 0 !important;    }        @media only screen and (min-width: 480px) {      #bwg_container1_0 #bwg_container2_0 .bwg-container-0.bwg-standard-thumbnails .bwg-item0 {        transition: all 0.3s ease 0s;-webkit-transition: all 0.3s ease 0s;      }      #bwg_container1_0 #bwg_container2_0 .bwg-container-0.bwg-standard-thumbnails .bwg-item0:hover {        -ms-transform: scale(1.1);        -webkit-transform: scale(1.1);        transform: scale(1.1);      }    }          #bwg_container1_0 #bwg_container2_0 .bwg-container-0.bwg-standard-thumbnails .bwg-item1 {      padding-top: 50%;    }        #bwg_container1_0 #bwg_container2_0 .bwg-container-0.bwg-standard-thumbnails .bwg-title2,    #bwg_container1_0 #bwg_container2_0 .bwg-container-0.bwg-standard-thumbnails .bwg-ecommerce2 {      color: #CCCCCC;      font-family: segoe ui;      font-size: 16px;      font-weight: bold;      padding: 2px;      text-shadow: 0px 0px 0px #888888;      max-height: 100%;    }    #bwg_container1_0 #bwg_container2_0 .bwg-container-0.bwg-standard-thumbnails .bwg-thumb-description span {    color: #323A45;    font-family: Ubuntu;    font-size: 12px;    max-height: 100%;    word-wrap: break-word;    }    #bwg_container1_0 #bwg_container2_0 .bwg-container-0.bwg-standard-thumbnails .bwg-play-icon2 {      font-size: 32px;    }    #bwg_container1_0 #bwg_container2_0 .bwg-container-0.bwg-standard-thumbnails .bwg-ecommerce2 {      font-size: 19.2px;      color: #CCCCCC;    }    <\/style>    <div id=\"bwg_container1_0\"         class=\"bwg_container bwg_thumbnail bwg_thumbnails \"         data-right-click-protection=\"0\"         data-bwg=\"0\"         data-scroll=\"0\"         data-gallery-type=\"thumbnails\"         data-gallery-view-type=\"thumbnails\"         data-current-url=\"\/newsite\/wp-json\/wp\/v2\/pages\/8268\"         data-lightbox-url=\"https:\/\/frequence-sille.org\/newsite\/wp-admin\/admin-ajax.php?action=GalleryBox&#038;current_view=0&#038;gallery_id=23&#038;tag=0&#038;theme_id=1&#038;shortcode_id=56&#038;sort_by=order&#038;order_by=asc&#038;current_url=%2Fnewsite%2Fwp-json%2Fwp%2Fv2%2Fpages%2F8268\"         data-gallery-id=\"23\"         data-popup-width=\"800\"         data-popup-height=\"500\"         data-is-album=\"gallery\"         data-buttons-position=\"bottom\">      <div id=\"bwg_container2_0\">             <div id=\"ajax_loading_0\" class=\"bwg_loading_div_1\">      <div class=\"bwg_loading_div_2\">        <div class=\"bwg_loading_div_3\">          <div id=\"loading_div_0\" class=\"bwg_spider_ajax_loading\">          <\/div>        <\/div>      <\/div>    <\/div>            <form id=\"gal_front_form_0\"              class=\"bwg-hidden\"              method=\"post\"              action=\"#\"              data-current=\"0\"              data-shortcode-id=\"56\"              data-gallery-type=\"thumbnails\"              data-gallery-id=\"23\"              data-tag=\"0\"              data-album-id=\"0\"              data-theme-id=\"1\"              data-ajax-url=\"https:\/\/frequence-sille.org\/newsite\/wp-admin\/admin-ajax.php?action=bwg_frontend_data\">          <div id=\"bwg_container3_0\" class=\"bwg-background bwg-background-0\">                <div data-max-count=\"5\"         data-thumbnail-width=\"180\"         data-bwg=\"0\"         data-gallery-id=\"23\"         data-lightbox-url=\"https:\/\/frequence-sille.org\/newsite\/wp-admin\/admin-ajax.php?action=GalleryBox&amp;current_view=0&amp;gallery_id=23&amp;tag=0&amp;theme_id=1&amp;shortcode_id=56&amp;sort_by=order&amp;order_by=asc&amp;current_url=%2Fnewsite%2Fwp-json%2Fwp%2Fv2%2Fpages%2F8268\"         id=\"bwg_thumbnails_0\"         class=\"bwg-container-0 bwg-thumbnails bwg-standard-thumbnails bwg-container bwg-border-box\">            <div class=\"bwg-item\">        <a class=\"bwg-a  bwg_lightbox\"  data-image-id=\"253\" href=\"https:\/\/frequence-sille.org\/newsite\/wp-content\/uploads\/photo-gallery\/stephane_carr\u00e9_cemea_handicap.jpg?bwg=1616604266\" data-elementor-open-lightbox=\"no\">                <div class=\"bwg-item0 \">          <div class=\"bwg-item1 \">            <div class=\"bwg-item2\">              <img decoding=\"async\" class=\"skip-lazy bwg_standart_thumb_img_0 \"                   data-id=\"253\"                   data-width=\"300\"                   data-height=\"225\"                   data-src=\"https:\/\/frequence-sille.org\/newsite\/wp-content\/uploads\/photo-gallery\/thumb\/stephane_carr\u00e9_cemea_handicap.jpg?bwg=1616604266\"                   src=\"https:\/\/frequence-sille.org\/newsite\/wp-content\/uploads\/photo-gallery\/thumb\/stephane_carr\u00e9_cemea_handicap.jpg?bwg=1616604266\"                   alt=\"stephane carr\u00e9 cemea handicap\"                   title=\"stephane carr\u00e9 cemea handicap\" \/>            <\/div>            <div class=\"\">                                                      <\/div>          <\/div>        <\/div>                        <\/a>              <\/div>            <div class=\"bwg-item\">        <a class=\"bwg-a  bwg_lightbox\"  data-image-id=\"252\" href=\"https:\/\/frequence-sille.org\/newsite\/wp-content\/uploads\/photo-gallery\/erwan_tirel_atelier_m\u00e9dias.jpg?bwg=1616604266\" data-elementor-open-lightbox=\"no\">                <div class=\"bwg-item0 \">          <div class=\"bwg-item1 \">            <div class=\"bwg-item2\">              <img decoding=\"async\" class=\"skip-lazy bwg_standart_thumb_img_0 \"                   data-id=\"252\"                   data-width=\"300\"                   data-height=\"225\"                   data-src=\"https:\/\/frequence-sille.org\/newsite\/wp-content\/uploads\/photo-gallery\/thumb\/erwan_tirel_atelier_m\u00e9dias.jpg?bwg=1616604266\"                   src=\"https:\/\/frequence-sille.org\/newsite\/wp-content\/uploads\/photo-gallery\/thumb\/erwan_tirel_atelier_m\u00e9dias.jpg?bwg=1616604266\"                   alt=\"erwan tirel atelier m\u00e9dias\"                   title=\"erwan tirel atelier m\u00e9dias\" \/>            <\/div>            <div class=\"\">                                                      <\/div>          <\/div>        <\/div>                        <\/a>              <\/div>            <div class=\"bwg-item\">        <a class=\"bwg-a  bwg_lightbox\"  data-image-id=\"251\" href=\"https:\/\/frequence-sille.org\/newsite\/wp-content\/uploads\/photo-gallery\/Mickael_Goulvent_ddjes_snu.jpg?bwg=1616604266\" data-elementor-open-lightbox=\"no\">                <div class=\"bwg-item0 \">          <div class=\"bwg-item1 \">            <div class=\"bwg-item2\">              <img decoding=\"async\" class=\"skip-lazy bwg_standart_thumb_img_0 \"                   data-id=\"251\"                   data-width=\"300\"                   data-height=\"222\"                   data-src=\"https:\/\/frequence-sille.org\/newsite\/wp-content\/uploads\/photo-gallery\/thumb\/Mickael_Goulvent_ddjes_snu.jpg?bwg=1616604266\"                   src=\"https:\/\/frequence-sille.org\/newsite\/wp-content\/uploads\/photo-gallery\/thumb\/Mickael_Goulvent_ddjes_snu.jpg?bwg=1616604266\"                   alt=\"Mickael Goulvent ddjes snu\"                   title=\"Mickael Goulvent ddjes snu\" \/>            <\/div>            <div class=\"\">                                                      <\/div>          <\/div>        <\/div>                        <\/a>              <\/div>            <div class=\"bwg-item\">        <a class=\"bwg-a  bwg_lightbox\"  data-image-id=\"250\" href=\"https:\/\/frequence-sille.org\/newsite\/wp-content\/uploads\/photo-gallery\/isabelle_loiseau_Mission_Locale_Nord_Sarthe.jpg?bwg=1616604266\" data-elementor-open-lightbox=\"no\">                <div class=\"bwg-item0 \">          <div class=\"bwg-item1 \">            <div class=\"bwg-item2\">              <img decoding=\"async\" class=\"skip-lazy bwg_standart_thumb_img_0 \"                   data-id=\"250\"                   data-width=\"300\"                   data-height=\"226\"                   data-src=\"https:\/\/frequence-sille.org\/newsite\/wp-content\/uploads\/photo-gallery\/thumb\/isabelle_loiseau_Mission_Locale_Nord_Sarthe.jpg?bwg=1616604266\"                   src=\"https:\/\/frequence-sille.org\/newsite\/wp-content\/uploads\/photo-gallery\/thumb\/isabelle_loiseau_Mission_Locale_Nord_Sarthe.jpg?bwg=1616604266\"                   alt=\"isabelle loiseau Mission Locale Nord Sarthe\"                   title=\"isabelle loiseau Mission Locale Nord Sarthe\" \/>            <\/div>            <div class=\"\">                                                      <\/div>          <\/div>        <\/div>                        <\/a>              <\/div>            <div class=\"bwg-item\">        <a class=\"bwg-a  bwg_lightbox\"  data-image-id=\"249\" href=\"https:\/\/frequence-sille.org\/newsite\/wp-content\/uploads\/photo-gallery\/gerard_galpin_1.jpg?bwg=1616604266\" data-elementor-open-lightbox=\"no\">                <div class=\"bwg-item0 \">          <div class=\"bwg-item1 \">            <div class=\"bwg-item2\">              <img decoding=\"async\" class=\"skip-lazy bwg_standart_thumb_img_0 \"                   data-id=\"249\"                   data-width=\"300\"                   data-height=\"217\"                   data-src=\"https:\/\/frequence-sille.org\/newsite\/wp-content\/uploads\/photo-gallery\/thumb\/gerard_galpin_1.jpg?bwg=1616604266\"                   src=\"https:\/\/frequence-sille.org\/newsite\/wp-content\/uploads\/photo-gallery\/thumb\/gerard_galpin_1.jpg?bwg=1616604266\"                   alt=\"gerard galpin 1\"                   title=\"gerard galpin 1\" \/>            <\/div>            <div class=\"\">                                                      <\/div>          <\/div>        <\/div>                        <\/a>              <\/div>            <div class=\"bwg-item\">        <a class=\"bwg-a  bwg_lightbox\"  data-image-id=\"248\" href=\"https:\/\/frequence-sille.org\/newsite\/wp-content\/uploads\/photo-gallery\/catherine_clouet-ancla.jpg?bwg=1616604266\" data-elementor-open-lightbox=\"no\">                <div class=\"bwg-item0 \">          <div class=\"bwg-item1 \">            <div class=\"bwg-item2\">              <img decoding=\"async\" class=\"skip-lazy bwg_standart_thumb_img_0 \"                   data-id=\"248\"                   data-width=\"300\"                   data-height=\"225\"                   data-src=\"https:\/\/frequence-sille.org\/newsite\/wp-content\/uploads\/photo-gallery\/thumb\/catherine_clouet-ancla.jpg?bwg=1616604266\"                   src=\"https:\/\/frequence-sille.org\/newsite\/wp-content\/uploads\/photo-gallery\/thumb\/catherine_clouet-ancla.jpg?bwg=1616604266\"                   alt=\"catherine clouet-ancla\"                   title=\"catherine clouet-ancla\" \/>            <\/div>            <div class=\"\">                                                      <\/div>          <\/div>        <\/div>                        <\/a>              <\/div>            <div class=\"bwg-item\">        <a class=\"bwg-a  bwg_lightbox\"  data-image-id=\"247\" href=\"https:\/\/frequence-sille.org\/newsite\/wp-content\/uploads\/photo-gallery\/kimberley_coline_interg\u00e9n\u00e9reux.jpg?bwg=1616604266\" data-elementor-open-lightbox=\"no\">                <div class=\"bwg-item0 \">          <div class=\"bwg-item1 \">            <div class=\"bwg-item2\">              <img decoding=\"async\" class=\"skip-lazy bwg_standart_thumb_img_0 \"                   data-id=\"247\"                   data-width=\"300\"                   data-height=\"225\"                   data-src=\"https:\/\/frequence-sille.org\/newsite\/wp-content\/uploads\/photo-gallery\/thumb\/kimberley_coline_interg\u00e9n\u00e9reux.jpg?bwg=1616604266\"                   src=\"https:\/\/frequence-sille.org\/newsite\/wp-content\/uploads\/photo-gallery\/thumb\/kimberley_coline_interg\u00e9n\u00e9reux.jpg?bwg=1616604266\"                   alt=\"kimberley coline interg\u00e9n\u00e9reux\"                   title=\"kimberley coline interg\u00e9n\u00e9reux\" \/>            <\/div>            <div class=\"\">                                                      <\/div>          <\/div>        <\/div>                        <\/a>              <\/div>            <div class=\"bwg-item\">        <a class=\"bwg-a  bwg_lightbox\"  data-image-id=\"246\" href=\"https:\/\/frequence-sille.org\/newsite\/wp-content\/uploads\/photo-gallery\/international_iago_anna_sophie_maggie.jpg?bwg=1616604266\" data-elementor-open-lightbox=\"no\">                <div class=\"bwg-item0 \">          <div class=\"bwg-item1 \">            <div class=\"bwg-item2\">              <img decoding=\"async\" class=\"skip-lazy bwg_standart_thumb_img_0 \"                   data-id=\"246\"                   data-width=\"300\"                   data-height=\"225\"                   data-src=\"https:\/\/frequence-sille.org\/newsite\/wp-content\/uploads\/photo-gallery\/thumb\/international_iago_anna_sophie_maggie.jpg?bwg=1616604266\"                   src=\"https:\/\/frequence-sille.org\/newsite\/wp-content\/uploads\/photo-gallery\/thumb\/international_iago_anna_sophie_maggie.jpg?bwg=1616604266\"                   alt=\"international iago anna sophie maggie\"                   title=\"international iago anna sophie maggie\" \/>            <\/div>            <div class=\"\">                                                      <\/div>          <\/div>        <\/div>                        <\/a>              <\/div>            <div class=\"bwg-item\">        <a class=\"bwg-a  bwg_lightbox\"  data-image-id=\"245\" href=\"https:\/\/frequence-sille.org\/newsite\/wp-content\/uploads\/photo-gallery\/erwan_tirel_rapporteur.jpg?bwg=1616604266\" data-elementor-open-lightbox=\"no\">                <div class=\"bwg-item0 \">          <div class=\"bwg-item1 \">            <div class=\"bwg-item2\">              <img decoding=\"async\" class=\"skip-lazy bwg_standart_thumb_img_0 \"                   data-id=\"245\"                   data-width=\"300\"                   data-height=\"225\"                   data-src=\"https:\/\/frequence-sille.org\/newsite\/wp-content\/uploads\/photo-gallery\/thumb\/erwan_tirel_rapporteur.jpg?bwg=1616604266\"                   src=\"https:\/\/frequence-sille.org\/newsite\/wp-content\/uploads\/photo-gallery\/thumb\/erwan_tirel_rapporteur.jpg?bwg=1616604266\"                   alt=\"erwan tirel rapporteur\"                   title=\"erwan tirel rapporteur\" \/>            <\/div>            <div class=\"\">                                                      <\/div>          <\/div>        <\/div>                        <\/a>              <\/div>            <div class=\"bwg-item\">        <a class=\"bwg-a  bwg_lightbox\"  data-image-id=\"244\" href=\"https:\/\/frequence-sille.org\/newsite\/wp-content\/uploads\/photo-gallery\/brian_bouvier.jpg?bwg=1616604266\" data-elementor-open-lightbox=\"no\">                <div class=\"bwg-item0 \">          <div class=\"bwg-item1 \">            <div class=\"bwg-item2\">              <img decoding=\"async\" class=\"skip-lazy bwg_standart_thumb_img_0 \"                   data-id=\"244\"                   data-width=\"300\"                   data-height=\"225\"                   data-src=\"https:\/\/frequence-sille.org\/newsite\/wp-content\/uploads\/photo-gallery\/thumb\/brian_bouvier.jpg?bwg=1616604266\"                   src=\"https:\/\/frequence-sille.org\/newsite\/wp-content\/uploads\/photo-gallery\/thumb\/brian_bouvier.jpg?bwg=1616604266\"                   alt=\"brian bouvier\"                   title=\"brian bouvier\" \/>            <\/div>            <div class=\"\">                                                      <\/div>          <\/div>        <\/div>                        <\/a>              <\/div>            <div class=\"bwg-item\">        <a class=\"bwg-a  bwg_lightbox\"  data-image-id=\"243\" href=\"https:\/\/frequence-sille.org\/newsite\/wp-content\/uploads\/photo-gallery\/cathy_bataille_carbur_pera.jpg?bwg=1616604266\" data-elementor-open-lightbox=\"no\">                <div class=\"bwg-item0 \">          <div class=\"bwg-item1 \">            <div class=\"bwg-item2\">              <img decoding=\"async\" class=\"skip-lazy bwg_standart_thumb_img_0 \"                   data-id=\"243\"                   data-width=\"300\"                   data-height=\"225\"                   data-src=\"https:\/\/frequence-sille.org\/newsite\/wp-content\/uploads\/photo-gallery\/thumb\/cathy_bataille_carbur_pera.jpg?bwg=1616604266\"                   src=\"https:\/\/frequence-sille.org\/newsite\/wp-content\/uploads\/photo-gallery\/thumb\/cathy_bataille_carbur_pera.jpg?bwg=1616604266\"                   alt=\"cathy bataille carbur pera\"                   title=\"cathy bataille carbur pera\" \/>            <\/div>            <div class=\"\">                                                      <\/div>          <\/div>        <\/div>                        <\/a>              <\/div>            <div class=\"bwg-item\">        <a class=\"bwg-a  bwg_lightbox\"  data-image-id=\"242\" href=\"https:\/\/frequence-sille.org\/newsite\/wp-content\/uploads\/photo-gallery\/croix_rouge_temoignage.jpg?bwg=1616604266\" data-elementor-open-lightbox=\"no\">                <div class=\"bwg-item0 \">          <div class=\"bwg-item1 \">            <div class=\"bwg-item2\">              <img decoding=\"async\" class=\"skip-lazy bwg_standart_thumb_img_0 \"                   data-id=\"242\"                   data-width=\"300\"                   data-height=\"225\"                   data-src=\"https:\/\/frequence-sille.org\/newsite\/wp-content\/uploads\/photo-gallery\/thumb\/croix_rouge_temoignage.jpg?bwg=1616604266\"                   src=\"https:\/\/frequence-sille.org\/newsite\/wp-content\/uploads\/photo-gallery\/thumb\/croix_rouge_temoignage.jpg?bwg=1616604266\"                   alt=\"croix rouge temoignage\"                   title=\"croix rouge temoignage\" \/>            <\/div>            <div class=\"\">                                                      <\/div>          <\/div>        <\/div>                        <\/a>              <\/div>            <div class=\"bwg-item\">        <a class=\"bwg-a  bwg_lightbox\"  data-image-id=\"241\" href=\"https:\/\/frequence-sille.org\/newsite\/wp-content\/uploads\/photo-gallery\/florent_carr\u00e9_education_nationale.jpg?bwg=1616604266\" data-elementor-open-lightbox=\"no\">                <div class=\"bwg-item0 \">          <div class=\"bwg-item1 \">            <div class=\"bwg-item2\">              <img decoding=\"async\" class=\"skip-lazy bwg_standart_thumb_img_0 \"                   data-id=\"241\"                   data-width=\"300\"                   data-height=\"225\"                   data-src=\"https:\/\/frequence-sille.org\/newsite\/wp-content\/uploads\/photo-gallery\/thumb\/florent_carr\u00e9_education_nationale.jpg?bwg=1616604266\"                   src=\"https:\/\/frequence-sille.org\/newsite\/wp-content\/uploads\/photo-gallery\/thumb\/florent_carr\u00e9_education_nationale.jpg?bwg=1616604266\"                   alt=\"florent carr\u00e9 education nationale\"                   title=\"florent carr\u00e9 education nationale\" \/>            <\/div>            <div class=\"\">                                                      <\/div>          <\/div>        <\/div>                        <\/a>              <\/div>            <div class=\"bwg-item\">        <a class=\"bwg-a  bwg_lightbox\"  data-image-id=\"240\" href=\"https:\/\/frequence-sille.org\/newsite\/wp-content\/uploads\/photo-gallery\/kilian_froger_arche.jpg?bwg=1616604266\" data-elementor-open-lightbox=\"no\">                <div class=\"bwg-item0 \">          <div class=\"bwg-item1 \">            <div class=\"bwg-item2\">              <img decoding=\"async\" class=\"skip-lazy bwg_standart_thumb_img_0 \"                   data-id=\"240\"                   data-width=\"300\"                   data-height=\"225\"                   data-src=\"https:\/\/frequence-sille.org\/newsite\/wp-content\/uploads\/photo-gallery\/thumb\/kilian_froger_arche.jpg?bwg=1616604266\"                   src=\"https:\/\/frequence-sille.org\/newsite\/wp-content\/uploads\/photo-gallery\/thumb\/kilian_froger_arche.jpg?bwg=1616604266\"                   alt=\"kilian froger arche\"                   title=\"kilian froger arche\" \/>            <\/div>            <div class=\"\">                                                      <\/div>          <\/div>        <\/div>                        <\/a>              <\/div>            <div class=\"bwg-item\">        <a class=\"bwg-a  bwg_lightbox\"  data-image-id=\"239\" href=\"https:\/\/frequence-sille.org\/newsite\/wp-content\/uploads\/photo-gallery\/plateau_conclusion_equipe_FS.jpg?bwg=1616604266\" data-elementor-open-lightbox=\"no\">                <div class=\"bwg-item0 \">          <div class=\"bwg-item1 \">            <div class=\"bwg-item2\">              <img decoding=\"async\" class=\"skip-lazy bwg_standart_thumb_img_0 \"                   data-id=\"239\"                   data-width=\"300\"                   data-height=\"219\"                   data-src=\"https:\/\/frequence-sille.org\/newsite\/wp-content\/uploads\/photo-gallery\/thumb\/plateau_conclusion_equipe_FS.jpg?bwg=1616604266\"                   src=\"https:\/\/frequence-sille.org\/newsite\/wp-content\/uploads\/photo-gallery\/thumb\/plateau_conclusion_equipe_FS.jpg?bwg=1616604266\"                   alt=\"plateau conclusion equipe FS\"                   title=\"plateau conclusion equipe FS\" \/>            <\/div>            <div class=\"\">                                                      <\/div>          <\/div>        <\/div>                        <\/a>              <\/div>            <div class=\"bwg-item\">        <a class=\"bwg-a  bwg_lightbox\"  data-image-id=\"238\" href=\"https:\/\/frequence-sille.org\/newsite\/wp-content\/uploads\/photo-gallery\/leo_desile.jpg?bwg=1616604266\" data-elementor-open-lightbox=\"no\">                <div class=\"bwg-item0 \">          <div class=\"bwg-item1 \">            <div class=\"bwg-item2\">              <img decoding=\"async\" class=\"skip-lazy bwg_standart_thumb_img_0 \"                   data-id=\"238\"                   data-width=\"300\"                   data-height=\"225\"                   data-src=\"https:\/\/frequence-sille.org\/newsite\/wp-content\/uploads\/photo-gallery\/thumb\/leo_desile.jpg?bwg=1616604266\"                   src=\"https:\/\/frequence-sille.org\/newsite\/wp-content\/uploads\/photo-gallery\/thumb\/leo_desile.jpg?bwg=1616604266\"                   alt=\"leo desile\"                   title=\"leo desile\" \/>            <\/div>            <div class=\"\">                                                      <\/div>          <\/div>        <\/div>                        <\/a>              <\/div>            <div class=\"bwg-item\">        <a class=\"bwg-a  bwg_lightbox\"  data-image-id=\"237\" href=\"https:\/\/frequence-sille.org\/newsite\/wp-content\/uploads\/photo-gallery\/julie_vignon_sylvie_blanche_fal_mlds.jpg?bwg=1616604266\" data-elementor-open-lightbox=\"no\">                <div class=\"bwg-item0 \">          <div class=\"bwg-item1 \">            <div class=\"bwg-item2\">              <img decoding=\"async\" class=\"skip-lazy bwg_standart_thumb_img_0 \"                   data-id=\"237\"                   data-width=\"300\"                   data-height=\"225\"                   data-src=\"https:\/\/frequence-sille.org\/newsite\/wp-content\/uploads\/photo-gallery\/thumb\/julie_vignon_sylvie_blanche_fal_mlds.jpg?bwg=1616604266\"                   src=\"https:\/\/frequence-sille.org\/newsite\/wp-content\/uploads\/photo-gallery\/thumb\/julie_vignon_sylvie_blanche_fal_mlds.jpg?bwg=1616604266\"                   alt=\"julie vignon sylvie blanche fal mlds\"                   title=\"julie vignon sylvie blanche fal mlds\" \/>            <\/div>            <div class=\"\">                                                      <\/div>          <\/div>        <\/div>                        <\/a>              <\/div>            <div class=\"bwg-item\">        <a class=\"bwg-a  bwg_lightbox\"  data-image-id=\"236\" href=\"https:\/\/frequence-sille.org\/newsite\/wp-content\/uploads\/photo-gallery\/micro_libre_parole_jeunesse.jpg?bwg=1616604266\" data-elementor-open-lightbox=\"no\">                <div class=\"bwg-item0 \">          <div class=\"bwg-item1 \">            <div class=\"bwg-item2\">              <img decoding=\"async\" class=\"skip-lazy bwg_standart_thumb_img_0 \"                   data-id=\"236\"                   data-width=\"300\"                   data-height=\"225\"                   data-src=\"https:\/\/frequence-sille.org\/newsite\/wp-content\/uploads\/photo-gallery\/thumb\/micro_libre_parole_jeunesse.jpg?bwg=1616604266\"                   src=\"https:\/\/frequence-sille.org\/newsite\/wp-content\/uploads\/photo-gallery\/thumb\/micro_libre_parole_jeunesse.jpg?bwg=1616604266\"                   alt=\"micro libre parole jeunesse\"                   title=\"micro libre parole jeunesse\" \/>            <\/div>            <div class=\"\">                                                      <\/div>          <\/div>        <\/div>                        <\/a>              <\/div>            <div class=\"bwg-item\">        <a class=\"bwg-a  bwg_lightbox\"  data-image-id=\"235\" href=\"https:\/\/frequence-sille.org\/newsite\/wp-content\/uploads\/photo-gallery\/photo_damien_pichereau.jpg?bwg=1616604266\" data-elementor-open-lightbox=\"no\">                <div class=\"bwg-item0 \">          <div class=\"bwg-item1 \">            <div class=\"bwg-item2\">              <img decoding=\"async\" class=\"skip-lazy bwg_standart_thumb_img_0 \"                   data-id=\"235\"                   data-width=\"300\"                   data-height=\"214\"                   data-src=\"https:\/\/frequence-sille.org\/newsite\/wp-content\/uploads\/photo-gallery\/thumb\/photo_damien_pichereau.jpg?bwg=1616604266\"                   src=\"https:\/\/frequence-sille.org\/newsite\/wp-content\/uploads\/photo-gallery\/thumb\/photo_damien_pichereau.jpg?bwg=1616604266\"                   alt=\"photo damien pichereau\"                   title=\"photo damien pichereau\" \/>            <\/div>            <div class=\"\">                                                      <\/div>          <\/div>        <\/div>                        <\/a>              <\/div>            <div class=\"bwg-item\">        <a class=\"bwg-a  bwg_lightbox\"  data-image-id=\"234\" href=\"https:\/\/frequence-sille.org\/newsite\/wp-content\/uploads\/photo-gallery\/Florian-FREMEAUX.jpg?bwg=1616604266\" data-elementor-open-lightbox=\"no\">                <div class=\"bwg-item0 \">          <div class=\"bwg-item1 \">            <div class=\"bwg-item2\">              <img decoding=\"async\" class=\"skip-lazy bwg_standart_thumb_img_0 \"                   data-id=\"234\"                   data-width=\"300\"                   data-height=\"216\"                   data-src=\"https:\/\/frequence-sille.org\/newsite\/wp-content\/uploads\/photo-gallery\/thumb\/Florian-FREMEAUX.jpg?bwg=1616604266\"                   src=\"https:\/\/frequence-sille.org\/newsite\/wp-content\/uploads\/photo-gallery\/thumb\/Florian-FREMEAUX.jpg?bwg=1616604266\"                   alt=\"Florian-FREMEAUX\"                   title=\"Florian-FREMEAUX\" \/>            <\/div>            <div class=\"\">                                                      <\/div>          <\/div>        <\/div>                        <\/a>              <\/div>            <div class=\"bwg-item\">        <a class=\"bwg-a  bwg_lightbox\"  data-image-id=\"233\" href=\"https:\/\/frequence-sille.org\/newsite\/wp-content\/uploads\/photo-gallery\/sandra_chevalier_Unis_Cit\u00e9_form_tuteur.jpg?bwg=1616604266\" data-elementor-open-lightbox=\"no\">                <div class=\"bwg-item0 \">          <div class=\"bwg-item1 \">            <div class=\"bwg-item2\">              <img decoding=\"async\" class=\"skip-lazy bwg_standart_thumb_img_0 \"                   data-id=\"233\"                   data-width=\"300\"                   data-height=\"225\"                   data-src=\"https:\/\/frequence-sille.org\/newsite\/wp-content\/uploads\/photo-gallery\/thumb\/sandra_chevalier_Unis_Cit\u00e9_form_tuteur.jpg?bwg=1616604266\"                   src=\"https:\/\/frequence-sille.org\/newsite\/wp-content\/uploads\/photo-gallery\/thumb\/sandra_chevalier_Unis_Cit\u00e9_form_tuteur.jpg?bwg=1616604266\"                   alt=\"sandra chevalier Unis Cit\u00e9 form tuteur\"                   title=\"sandra chevalier Unis Cit\u00e9 form tuteur\" \/>            <\/div>            <div class=\"\">                                                      <\/div>          <\/div>        <\/div>                        <\/a>              <\/div>            <div class=\"bwg-item\">        <a class=\"bwg-a  bwg_lightbox\"  data-image-id=\"232\" href=\"https:\/\/frequence-sille.org\/newsite\/wp-content\/uploads\/photo-gallery\/croix_rouge_RAPPORTEUR_ATELIER_1.jpg?bwg=1616604266\" data-elementor-open-lightbox=\"no\">                <div class=\"bwg-item0 \">          <div class=\"bwg-item1 \">            <div class=\"bwg-item2\">              <img decoding=\"async\" class=\"skip-lazy bwg_standart_thumb_img_0 \"                   data-id=\"232\"                   data-width=\"300\"                   data-height=\"225\"                   data-src=\"https:\/\/frequence-sille.org\/newsite\/wp-content\/uploads\/photo-gallery\/thumb\/croix_rouge_RAPPORTEUR_ATELIER_1.jpg?bwg=1616604266\"                   src=\"https:\/\/frequence-sille.org\/newsite\/wp-content\/uploads\/photo-gallery\/thumb\/croix_rouge_RAPPORTEUR_ATELIER_1.jpg?bwg=1616604266\"                   alt=\"croix rouge RAPPORTEUR ATELIER 1\"                   title=\"croix rouge RAPPORTEUR ATELIER 1\" \/>            <\/div>            <div class=\"\">                                                      <\/div>          <\/div>        <\/div>                        <\/a>              <\/div>            <div class=\"bwg-item\">        <a class=\"bwg-a  bwg_lightbox\"  data-image-id=\"231\" href=\"https:\/\/frequence-sille.org\/newsite\/wp-content\/uploads\/photo-gallery\/beatrice_angrand.jpg?bwg=1616604266\" data-elementor-open-lightbox=\"no\">                <div class=\"bwg-item0 \">          <div class=\"bwg-item1 \">            <div class=\"bwg-item2\">              <img decoding=\"async\" class=\"skip-lazy bwg_standart_thumb_img_0 \"                   data-id=\"231\"                   data-width=\"300\"                   data-height=\"225\"                   data-src=\"https:\/\/frequence-sille.org\/newsite\/wp-content\/uploads\/photo-gallery\/thumb\/beatrice_angrand.jpg?bwg=1616604266\"                   src=\"https:\/\/frequence-sille.org\/newsite\/wp-content\/uploads\/photo-gallery\/thumb\/beatrice_angrand.jpg?bwg=1616604266\"                   alt=\"beatrice angrand\"                   title=\"beatrice angrand\" \/>            <\/div>            <div class=\"\">                                                      <\/div>          <\/div>        <\/div>                        <\/a>              <\/div>            <div class=\"bwg-item\">        <a class=\"bwg-a  bwg_lightbox\"  data-image-id=\"230\" href=\"https:\/\/frequence-sille.org\/newsite\/wp-content\/uploads\/photo-gallery\/coline_viala_tarmac_atelier_engagement.jpg?bwg=1616604266\" data-elementor-open-lightbox=\"no\">                <div class=\"bwg-item0 \">          <div class=\"bwg-item1 \">            <div class=\"bwg-item2\">              <img decoding=\"async\" class=\"skip-lazy bwg_standart_thumb_img_0 \"                   data-id=\"230\"                   data-width=\"300\"                   data-height=\"225\"                   data-src=\"https:\/\/frequence-sille.org\/newsite\/wp-content\/uploads\/photo-gallery\/thumb\/coline_viala_tarmac_atelier_engagement.jpg?bwg=1616604266\"                   src=\"https:\/\/frequence-sille.org\/newsite\/wp-content\/uploads\/photo-gallery\/thumb\/coline_viala_tarmac_atelier_engagement.jpg?bwg=1616604266\"                   alt=\"coline viala tarmac atelier engagement\"                   title=\"coline viala tarmac atelier engagement\" \/>            <\/div>            <div class=\"\">                                                      <\/div>          <\/div>        <\/div>                        <\/a>              <\/div>            <div class=\"bwg-item\">        <a class=\"bwg-a  bwg_lightbox\"  data-image-id=\"229\" href=\"https:\/\/frequence-sille.org\/newsite\/wp-content\/uploads\/photo-gallery\/Michael_Guihard.jpg?bwg=1616604266\" data-elementor-open-lightbox=\"no\">                <div class=\"bwg-item0 \">          <div class=\"bwg-item1 \">            <div class=\"bwg-item2\">              <img decoding=\"async\" class=\"skip-lazy bwg_standart_thumb_img_0 \"                   data-id=\"229\"                   data-width=\"300\"                   data-height=\"218\"                   data-src=\"https:\/\/frequence-sille.org\/newsite\/wp-content\/uploads\/photo-gallery\/thumb\/Michael_Guihard.jpg?bwg=1616604266\"                   src=\"https:\/\/frequence-sille.org\/newsite\/wp-content\/uploads\/photo-gallery\/thumb\/Michael_Guihard.jpg?bwg=1616604266\"                   alt=\"Michael Guihard\"                   title=\"Michael Guihard\" \/>            <\/div>            <div class=\"\">                                                      <\/div>          <\/div>        <\/div>                        <\/a>              <\/div>          <\/div>    <style>      \/*pagination styles*\/      #bwg_container1_0 #bwg_container2_0 .tablenav-pages_0 {\t\t\t\ttext-align: center;\t\t\t\tfont-size: 12px;\t\t\t\tfont-family: segoe ui;\t\t\t\tfont-weight: bold;\t\t\t\tcolor: #666666;\t\t\t\tmargin: 6px 0 4px;\t\t\t\tdisplay: block;      }      @media only screen and (max-width : 320px) {      #bwg_container1_0 #bwg_container2_0 .displaying-num_0 {     \t display: none;      }      }      #bwg_container1_0 #bwg_container2_0 .displaying-num_0 {\t\t\t\tfont-size: 12px;\t\t\t\tfont-family: segoe ui;\t\t\t\tfont-weight: bold;\t\t\t\tcolor: #666666;\t\t\t\tmargin-right: 10px;\t\t\t\tvertical-align: middle;      }      #bwg_container1_0 #bwg_container2_0 .paging-input_0 {\t\t\t\tfont-size: 12px;\t\t\t\tfont-family: segoe ui;\t\t\t\tfont-weight: bold;\t\t\t\tcolor: #666666;\t\t\t\tvertical-align: middle;      }      #bwg_container1_0 #bwg_container2_0 .tablenav-pages_0 a.disabled,      #bwg_container1_0 #bwg_container2_0 .tablenav-pages_0 a.disabled:hover,      #bwg_container1_0 #bwg_container2_0 .tablenav-pages_0 a.disabled:focus,\t\t\t#bwg_container1_0 #bwg_container2_0 .tablenav-pages_0 input.bwg_current_page {\t\t\t\tcursor: default;\t\t\t\tcolor: rgba(102, 102, 102, 0.5);      }      #bwg_container1_0 #bwg_container2_0 .tablenav-pages_0 a,      #bwg_container1_0 #bwg_container2_0 .tablenav-pages_0 input.bwg_current_page {\t\t\t\tcursor: pointer;\t\t\t\ttext-align: center;\t\t\t\tfont-size: 12px;\t\t\t\tfont-family: segoe ui;\t\t\t\tfont-weight: bold;\t\t\t\tcolor: #666666;\t\t\t\ttext-decoration: none;\t\t\t\tpadding: 3px 6px;\t\t\t\tmargin: 0;\t\t\t\tborder-radius: 0;\t\t\t\tborder-style: solid;\t\t\t\tborder-width: 1px;\t\t\t\tborder-color: #E3E3E3;\t\t\t\t\t\t\t\tbackground-color: rgba(255, 255, 255, 1.00);\t\t\t\tbox-shadow: 0;\t\t\t\ttransition: all 0.3s ease 0s;-webkit-transition: all 0.3s ease 0s;      }      <\/style>      <span class=\"bwg_nav_cont_0\">              <div class=\"tablenav-pages_0\">                  <\/div>                <input type=\"hidden\" id=\"page_number_0\" name=\"page_number_0\" value=\"1\" \/>      <script type=\"text\/javascript\">        if( jQuery('.bwg_nav_cont_0').length > 1 ) {          jQuery('.bwg_nav_cont_0').first().remove()        }        function spider_page_0(cur, x, y, load_more) {          if (typeof load_more == \"undefined\") {            var load_more = false;          }          if (jQuery(cur).hasClass('disabled')) {            return false;          }          var items_county_0 = 1;          switch (y) {            case 1:              if (x >= items_county_0) {                document.getElementById('page_number_0').value = items_county_0;              }              else {                document.getElementById('page_number_0').value = x + 1;              }              break;            case 2:              document.getElementById('page_number_0').value = items_county_0;              break;            case -1:              if (x == 1) {                document.getElementById('page_number_0').value = 1;              }              else {                document.getElementById('page_number_0').value = x - 1;              }              break;            case -2:              document.getElementById('page_number_0').value = 1;              break;\t\t\t\t\t\tcase 0:              document.getElementById('page_number_0').value = x;              break;            default:              document.getElementById('page_number_0').value = 1;          }          bwg_ajax('gal_front_form_0', '0', 'bwg_thumbnails_0', '0', '', 'gallery', 0, '', '', load_more, '', 1);        }                    jQuery('.first-page-0').on('click', function () {              spider_page_0(this, 1, -2, 'numeric');              return false;            });            jQuery('.prev-page-0').on('click', function () {              spider_page_0(this, 1, -1, 'numeric');              return false;            });            jQuery('.next-page-0').on('click', function () {              spider_page_0(this, 1, 1, 'numeric');              return false;            });            jQuery('.last-page-0').on('click', function () {              spider_page_0(this, 1, 2, 'numeric');              return false;            });        \t\t\t\t\/* Change page on input enter. *\/        function bwg_change_page_0( e, that ) {          if (  e.key == 'Enter' ) {            var to_page = parseInt(jQuery(that).val());            var pages_count = jQuery(that).parents(\".pagination-links\").data(\"pages-count\");            var current_url_param = jQuery(that).attr('data-url-info');            if (to_page > pages_count) {              to_page = 1;            }\t \t\t\t\t\t\t\t\t\t\t\t\tspider_page_0(this, to_page, 0, 'numeric');\t\t\t\t\t\t\treturn false;\t\t\t\t\t\t          }          return true;        }        jQuery('.bwg_load_btn_0').on('click', function () {            spider_page_0(this, 1, 1, true);            return false;        });      <\/script>      <\/span>                <\/div>        <\/form>        <style>          #bwg_container1_0 #bwg_container2_0 #spider_popup_overlay_0 {          background-color: #000000;          opacity: 0.70;          }          <\/style>        <div id=\"bwg_spider_popup_loading_0\" class=\"bwg_spider_popup_loading\"><\/div>        <div id=\"spider_popup_overlay_0\" class=\"spider_popup_overlay\" onclick=\"spider_destroypopup(1000)\"><\/div>        <input type=\"hidden\" id=\"bwg_random_seed_0\" value=\"585655483\">                <\/div>    <\/div>    <script>      if (document.readyState === 'complete') {        if( typeof bwg_main_ready == 'function' ) {          if ( jQuery(\"#bwg_container1_0\").height() ) {            bwg_main_ready(jQuery(\"#bwg_container1_0\"));          }        }      } else {        document.addEventListener('DOMContentLoaded', function() {          if( typeof bwg_main_ready == 'function' ) {            if ( jQuery(\"#bwg_container1_0\").height() ) {             bwg_main_ready(jQuery(\"#bwg_container1_0\"));            }          }        });      }    <\/script>    \n\n\n\n<figure class=\"wp-block-image size-large\"><img loading=\"lazy\" decoding=\"async\" width=\"584\" height=\"826\" src=\"https:\/\/frequence-sille.org\/newsite\/wp-content\/uploads\/2021\/03\/carrefour4.jpg\" alt=\"\" class=\"wp-image-8286\" srcset=\"https:\/\/frequence-sille.org\/newsite\/wp-content\/uploads\/2021\/03\/carrefour4.jpg 584w, https:\/\/frequence-sille.org\/newsite\/wp-content\/uploads\/2021\/03\/carrefour4-212x300.jpg 212w\" sizes=\"auto, (max-width: 584px) 100vw, 584px\" \/><\/figure>\n","protected":false},"excerpt":{"rendered":"<p>B\u00e9atrice Angrand, pr\u00e9sidente de l&rsquo;Agence du Service Civique, a r\u00e9pondu \u00e0 l&rsquo;invitation des organisateurs du Carrefour des Engag\u00e9s et de Fr\u00e9quence-Sill\u00e9, pour r\u00e9pondre en direct aux questions d&rsquo;une r\u00e9daction de&hellip;<\/p>\n","protected":false},"author":1,"featured_media":0,"parent":30,"menu_order":121,"comment_status":"closed","ping_status":"closed","template":"","meta":{"footnotes":""},"class_list":["post-8268","page","type-page","status-publish","hentry","no-post-thumbnail"],"yoast_head":"<!-- This site is optimized with the Yoast SEO plugin v27.5 - https:\/\/yoast.com\/product\/yoast-seo-wordpress\/ -->\n<title>Carrefour des engag\u00e9s 2021 - Fr\u00e9quence Sill\u00e9<\/title>\n<meta name=\"robots\" content=\"index, follow, max-snippet:-1, max-image-preview:large, max-video-preview:-1\" \/>\n<link rel=\"canonical\" href=\"https:\/\/frequence-sille.org\/newsite\/les-evenements\/carrefour-des-engages-2021\/\" \/>\n<meta property=\"og:locale\" content=\"fr_FR\" \/>\n<meta property=\"og:type\" content=\"article\" \/>\n<meta property=\"og:title\" content=\"Carrefour des engag\u00e9s 2021 - Fr\u00e9quence Sill\u00e9\" \/>\n<meta property=\"og:description\" content=\"B\u00e9atrice Angrand, pr\u00e9sidente de l&rsquo;Agence du Service Civique, a r\u00e9pondu \u00e0 l&rsquo;invitation des organisateurs du Carrefour des Engag\u00e9s et de Fr\u00e9quence-Sill\u00e9, pour r\u00e9pondre en direct aux questions d&rsquo;une r\u00e9daction de&hellip;\" \/>\n<meta property=\"og:url\" content=\"https:\/\/frequence-sille.org\/newsite\/les-evenements\/carrefour-des-engages-2021\/\" \/>\n<meta property=\"og:site_name\" content=\"Fr\u00e9quence Sill\u00e9\" \/>\n<meta property=\"article:publisher\" content=\"https:\/\/www.facebook.com\/frequencesille979fm\" \/>\n<meta property=\"article:modified_time\" content=\"2021-09-08T16:38:38+00:00\" \/>\n<meta property=\"og:image\" content=\"https:\/\/frequence-sille.org\/newsite\/wp-content\/uploads\/2021\/03\/carrefour1.jpg\" \/>\n<meta name=\"twitter:card\" content=\"summary_large_image\" \/>\n<meta name=\"twitter:site\" content=\"@freqsille979\" \/>\n<meta name=\"twitter:label1\" content=\"Dur\u00e9e de lecture estim\u00e9e\" \/>\n\t<meta name=\"twitter:data1\" content=\"1 minute\" \/>\n<script type=\"application\/ld+json\" class=\"yoast-schema-graph\">{\"@context\":\"https:\\\/\\\/schema.org\",\"@graph\":[{\"@type\":\"WebPage\",\"@id\":\"https:\\\/\\\/frequence-sille.org\\\/newsite\\\/les-evenements\\\/carrefour-des-engages-2021\\\/\",\"url\":\"https:\\\/\\\/frequence-sille.org\\\/newsite\\\/les-evenements\\\/carrefour-des-engages-2021\\\/\",\"name\":\"Carrefour des engag\u00e9s 2021 - Fr\u00e9quence Sill\u00e9\",\"isPartOf\":{\"@id\":\"https:\\\/\\\/frequence-sille.org\\\/newsite\\\/#website\"},\"primaryImageOfPage\":{\"@id\":\"https:\\\/\\\/frequence-sille.org\\\/newsite\\\/les-evenements\\\/carrefour-des-engages-2021\\\/#primaryimage\"},\"image\":{\"@id\":\"https:\\\/\\\/frequence-sille.org\\\/newsite\\\/les-evenements\\\/carrefour-des-engages-2021\\\/#primaryimage\"},\"thumbnailUrl\":\"https:\\\/\\\/frequence-sille.org\\\/newsite\\\/wp-content\\\/uploads\\\/2021\\\/03\\\/carrefour1.jpg\",\"datePublished\":\"2021-03-24T06:52:10+00:00\",\"dateModified\":\"2021-09-08T16:38:38+00:00\",\"breadcrumb\":{\"@id\":\"https:\\\/\\\/frequence-sille.org\\\/newsite\\\/les-evenements\\\/carrefour-des-engages-2021\\\/#breadcrumb\"},\"inLanguage\":\"fr-FR\",\"potentialAction\":[{\"@type\":\"ReadAction\",\"target\":[\"https:\\\/\\\/frequence-sille.org\\\/newsite\\\/les-evenements\\\/carrefour-des-engages-2021\\\/\"]}]},{\"@type\":\"ImageObject\",\"inLanguage\":\"fr-FR\",\"@id\":\"https:\\\/\\\/frequence-sille.org\\\/newsite\\\/les-evenements\\\/carrefour-des-engages-2021\\\/#primaryimage\",\"url\":\"https:\\\/\\\/frequence-sille.org\\\/newsite\\\/wp-content\\\/uploads\\\/2021\\\/03\\\/carrefour1.jpg\",\"contentUrl\":\"https:\\\/\\\/frequence-sille.org\\\/newsite\\\/wp-content\\\/uploads\\\/2021\\\/03\\\/carrefour1.jpg\",\"width\":584,\"height\":826},{\"@type\":\"BreadcrumbList\",\"@id\":\"https:\\\/\\\/frequence-sille.org\\\/newsite\\\/les-evenements\\\/carrefour-des-engages-2021\\\/#breadcrumb\",\"itemListElement\":[{\"@type\":\"ListItem\",\"position\":1,\"name\":\"Accueil\",\"item\":\"https:\\\/\\\/frequence-sille.org\\\/newsite\\\/\"},{\"@type\":\"ListItem\",\"position\":2,\"name\":\"Les \u00e9v\u00e9nements\",\"item\":\"https:\\\/\\\/frequence-sille.org\\\/newsite\\\/les-evenements\\\/\"},{\"@type\":\"ListItem\",\"position\":3,\"name\":\"Carrefour des engag\u00e9s 2021\"}]},{\"@type\":\"WebSite\",\"@id\":\"https:\\\/\\\/frequence-sille.org\\\/newsite\\\/#website\",\"url\":\"https:\\\/\\\/frequence-sille.org\\\/newsite\\\/\",\"name\":\"Fr\u00e9quence Sill\u00e9\",\"description\":\"Bien plus qu&#039;une radio...votre radio !\",\"publisher\":{\"@id\":\"https:\\\/\\\/frequence-sille.org\\\/newsite\\\/#organization\"},\"potentialAction\":[{\"@type\":\"SearchAction\",\"target\":{\"@type\":\"EntryPoint\",\"urlTemplate\":\"https:\\\/\\\/frequence-sille.org\\\/newsite\\\/?s={search_term_string}\"},\"query-input\":{\"@type\":\"PropertyValueSpecification\",\"valueRequired\":true,\"valueName\":\"search_term_string\"}}],\"inLanguage\":\"fr-FR\"},{\"@type\":\"Organization\",\"@id\":\"https:\\\/\\\/frequence-sille.org\\\/newsite\\\/#organization\",\"name\":\"Fr\u00e9quence Sill\u00e9\",\"url\":\"https:\\\/\\\/frequence-sille.org\\\/newsite\\\/\",\"logo\":{\"@type\":\"ImageObject\",\"inLanguage\":\"fr-FR\",\"@id\":\"https:\\\/\\\/frequence-sille.org\\\/newsite\\\/#\\\/schema\\\/logo\\\/image\\\/\",\"url\":\"https:\\\/\\\/frequence-sille.org\\\/newsite\\\/wp-content\\\/uploads\\\/2023\\\/07\\\/LOGO_979_NOIR.png\",\"contentUrl\":\"https:\\\/\\\/frequence-sille.org\\\/newsite\\\/wp-content\\\/uploads\\\/2023\\\/07\\\/LOGO_979_NOIR.png\",\"width\":7680,\"height\":4320,\"caption\":\"Fr\u00e9quence Sill\u00e9\"},\"image\":{\"@id\":\"https:\\\/\\\/frequence-sille.org\\\/newsite\\\/#\\\/schema\\\/logo\\\/image\\\/\"},\"sameAs\":[\"https:\\\/\\\/www.facebook.com\\\/frequencesille979fm\",\"https:\\\/\\\/x.com\\\/freqsille979\",\"https:\\\/\\\/www.instagram.com\\\/frequencesille\\\/\"]}]}<\/script>\n<!-- \/ Yoast SEO plugin. -->","yoast_head_json":{"title":"Carrefour des engag\u00e9s 2021 - Fr\u00e9quence Sill\u00e9","robots":{"index":"index","follow":"follow","max-snippet":"max-snippet:-1","max-image-preview":"max-image-preview:large","max-video-preview":"max-video-preview:-1"},"canonical":"https:\/\/frequence-sille.org\/newsite\/les-evenements\/carrefour-des-engages-2021\/","og_locale":"fr_FR","og_type":"article","og_title":"Carrefour des engag\u00e9s 2021 - Fr\u00e9quence Sill\u00e9","og_description":"B\u00e9atrice Angrand, pr\u00e9sidente de l&rsquo;Agence du Service Civique, a r\u00e9pondu \u00e0 l&rsquo;invitation des organisateurs du Carrefour des Engag\u00e9s et de Fr\u00e9quence-Sill\u00e9, pour r\u00e9pondre en direct aux questions d&rsquo;une r\u00e9daction de&hellip;","og_url":"https:\/\/frequence-sille.org\/newsite\/les-evenements\/carrefour-des-engages-2021\/","og_site_name":"Fr\u00e9quence Sill\u00e9","article_publisher":"https:\/\/www.facebook.com\/frequencesille979fm","article_modified_time":"2021-09-08T16:38:38+00:00","og_image":[{"url":"https:\/\/frequence-sille.org\/newsite\/wp-content\/uploads\/2021\/03\/carrefour1.jpg","type":"","width":"","height":""}],"twitter_card":"summary_large_image","twitter_site":"@freqsille979","twitter_misc":{"Dur\u00e9e de lecture estim\u00e9e":"1 minute"},"schema":{"@context":"https:\/\/schema.org","@graph":[{"@type":"WebPage","@id":"https:\/\/frequence-sille.org\/newsite\/les-evenements\/carrefour-des-engages-2021\/","url":"https:\/\/frequence-sille.org\/newsite\/les-evenements\/carrefour-des-engages-2021\/","name":"Carrefour des engag\u00e9s 2021 - Fr\u00e9quence Sill\u00e9","isPartOf":{"@id":"https:\/\/frequence-sille.org\/newsite\/#website"},"primaryImageOfPage":{"@id":"https:\/\/frequence-sille.org\/newsite\/les-evenements\/carrefour-des-engages-2021\/#primaryimage"},"image":{"@id":"https:\/\/frequence-sille.org\/newsite\/les-evenements\/carrefour-des-engages-2021\/#primaryimage"},"thumbnailUrl":"https:\/\/frequence-sille.org\/newsite\/wp-content\/uploads\/2021\/03\/carrefour1.jpg","datePublished":"2021-03-24T06:52:10+00:00","dateModified":"2021-09-08T16:38:38+00:00","breadcrumb":{"@id":"https:\/\/frequence-sille.org\/newsite\/les-evenements\/carrefour-des-engages-2021\/#breadcrumb"},"inLanguage":"fr-FR","potentialAction":[{"@type":"ReadAction","target":["https:\/\/frequence-sille.org\/newsite\/les-evenements\/carrefour-des-engages-2021\/"]}]},{"@type":"ImageObject","inLanguage":"fr-FR","@id":"https:\/\/frequence-sille.org\/newsite\/les-evenements\/carrefour-des-engages-2021\/#primaryimage","url":"https:\/\/frequence-sille.org\/newsite\/wp-content\/uploads\/2021\/03\/carrefour1.jpg","contentUrl":"https:\/\/frequence-sille.org\/newsite\/wp-content\/uploads\/2021\/03\/carrefour1.jpg","width":584,"height":826},{"@type":"BreadcrumbList","@id":"https:\/\/frequence-sille.org\/newsite\/les-evenements\/carrefour-des-engages-2021\/#breadcrumb","itemListElement":[{"@type":"ListItem","position":1,"name":"Accueil","item":"https:\/\/frequence-sille.org\/newsite\/"},{"@type":"ListItem","position":2,"name":"Les \u00e9v\u00e9nements","item":"https:\/\/frequence-sille.org\/newsite\/les-evenements\/"},{"@type":"ListItem","position":3,"name":"Carrefour des engag\u00e9s 2021"}]},{"@type":"WebSite","@id":"https:\/\/frequence-sille.org\/newsite\/#website","url":"https:\/\/frequence-sille.org\/newsite\/","name":"Fr\u00e9quence Sill\u00e9","description":"Bien plus qu&#039;une radio...votre radio !","publisher":{"@id":"https:\/\/frequence-sille.org\/newsite\/#organization"},"potentialAction":[{"@type":"SearchAction","target":{"@type":"EntryPoint","urlTemplate":"https:\/\/frequence-sille.org\/newsite\/?s={search_term_string}"},"query-input":{"@type":"PropertyValueSpecification","valueRequired":true,"valueName":"search_term_string"}}],"inLanguage":"fr-FR"},{"@type":"Organization","@id":"https:\/\/frequence-sille.org\/newsite\/#organization","name":"Fr\u00e9quence Sill\u00e9","url":"https:\/\/frequence-sille.org\/newsite\/","logo":{"@type":"ImageObject","inLanguage":"fr-FR","@id":"https:\/\/frequence-sille.org\/newsite\/#\/schema\/logo\/image\/","url":"https:\/\/frequence-sille.org\/newsite\/wp-content\/uploads\/2023\/07\/LOGO_979_NOIR.png","contentUrl":"https:\/\/frequence-sille.org\/newsite\/wp-content\/uploads\/2023\/07\/LOGO_979_NOIR.png","width":7680,"height":4320,"caption":"Fr\u00e9quence Sill\u00e9"},"image":{"@id":"https:\/\/frequence-sille.org\/newsite\/#\/schema\/logo\/image\/"},"sameAs":["https:\/\/www.facebook.com\/frequencesille979fm","https:\/\/x.com\/freqsille979","https:\/\/www.instagram.com\/frequencesille\/"]}]}},"_links":{"self":[{"href":"https:\/\/frequence-sille.org\/newsite\/wp-json\/wp\/v2\/pages\/8268","targetHints":{"allow":["GET"]}}],"collection":[{"href":"https:\/\/frequence-sille.org\/newsite\/wp-json\/wp\/v2\/pages"}],"about":[{"href":"https:\/\/frequence-sille.org\/newsite\/wp-json\/wp\/v2\/types\/page"}],"author":[{"embeddable":true,"href":"https:\/\/frequence-sille.org\/newsite\/wp-json\/wp\/v2\/users\/1"}],"replies":[{"embeddable":true,"href":"https:\/\/frequence-sille.org\/newsite\/wp-json\/wp\/v2\/comments?post=8268"}],"version-history":[{"count":11,"href":"https:\/\/frequence-sille.org\/newsite\/wp-json\/wp\/v2\/pages\/8268\/revisions"}],"predecessor-version":[{"id":8287,"href":"https:\/\/frequence-sille.org\/newsite\/wp-json\/wp\/v2\/pages\/8268\/revisions\/8287"}],"up":[{"embeddable":true,"href":"https:\/\/frequence-sille.org\/newsite\/wp-json\/wp\/v2\/pages\/30"}],"wp:attachment":[{"href":"https:\/\/frequence-sille.org\/newsite\/wp-json\/wp\/v2\/media?parent=8268"}],"curies":[{"name":"wp","href":"https:\/\/api.w.org\/{rel}","templated":true}]}}